{"id":333,"date":"2024-06-27T16:50:33","date_gmt":"2024-06-27T14:50:33","guid":{"rendered":"https:\/\/www.elicit-plant.com\/hu\/?page_id=333"},"modified":"2025-10-07T11:40:12","modified_gmt":"2025-10-07T09:40:12","slug":"adatvedelmi-iranyelvek","status":"publish","type":"page","link":"https:\/\/www.elicit-plant.com\/hu\/adatvedelmi-iranyelvek\/","title":{"rendered":"Privacy policy"},"content":{"rendered":"<section class=\"cbo-heropicture\" data-anim-group>\n\t<div class=\"cbo-breadcrumbs breadcrumbs--normal\">\n  <div class=\"breadcrumbs-inner\">\n    <span><span><a href=\"https:\/\/www.elicit-plant.com\/hu\/\">Home<\/a><\/span><\/span>\t<\/div>\n<\/div>\n\t<div class=\"heropicture-picture cbo-picture-cover\">\n\t\t<img decoding=\"async\" src=\"https:\/\/www.elicit-plant.com\/app\/uploads\/sites\/8\/2024\/06\/Legal-Notice-1024x420.jpg\" srcset=\"https:\/\/www.elicit-plant.com\/app\/uploads\/sites\/8\/2024\/06\/Legal-Notice-320x131.jpg 320w, https:\/\/www.elicit-plant.com\/app\/uploads\/sites\/8\/2024\/06\/Legal-Notice-768x315.jpg 768w, https:\/\/www.elicit-plant.com\/app\/uploads\/sites\/8\/2024\/06\/Legal-Notice-1024x420.jpg 1024w, https:\/\/www.elicit-plant.com\/app\/uploads\/sites\/8\/2024\/06\/Legal-Notice-1400x574.jpg 1280w, https:\/\/www.elicit-plant.com\/app\/uploads\/sites\/8\/2024\/06\/Legal-Notice.jpg 1920w\" class=\"\" alt=\"\" width=\"1024\" height=\"420\" sizes=\"auto, 100vw\" loading=\"lazy\" \/>\t<\/div>\n\n\t<div class=\"heropicture-inner cbo-container container--small container--padding\">\n\t\t<div class=\"heropicture-content\">\n\n\t\t\t\n\t\t\t<h1 class=\"content-title cbo-title-2 slide-down\">\n\t\t\t\tAdatv\u00e9delmi ir\u00e1nyelvek\t\t\t<\/h1>\n\t\t<\/div>\n\t<\/div>\n<\/section>\n\n<section class=\"cbo-text cbo-margin-container\">\n    <div class=\"\n        text-inner\n                cbo-container\n        container--small        \"\n    >\n        <div class=\"text-content cbo-cms cms--large\">\n            <p><em>Online k\u00f6zz\u00e9tett v\u00e1ltozat: 2025.10.01.<\/em><\/p>\n<p>&nbsp;<\/p>\n<p>Az ELICIT PLANT k\u00fcl\u00f6n\u00f6s figyelmet ford\u00edt az \u00d6n Szem\u00e9lyes adatainak v\u00e9delm\u00e9re \u00e9s a mag\u00e1n\u00e9let tiszteletben tart\u00e1s\u00e1ra.<\/p>\n<p>Jelen Adatv\u00e9delmi t\u00e1j\u00e9koztat\u00f3 c\u00e9lja, hogy t\u00e1j\u00e9koztassa \u00d6nt a gyakorlatainkr\u00f3l azokr\u00f3l az inform\u00e1ci\u00f3kr\u00f3l, amelyeket \u00d6n k\u00f6zvetlen\u00fcl vagy k\u00f6zvetve megad nek\u00fcnk az ELICIT PLANT Webhelyhez val\u00f3 hozz\u00e1f\u00e9r\u00e9se \u00e9s annak haszn\u00e1lata sor\u00e1n \u2013 ezek gy\u0171jt\u00e9se, kezel\u00e9se, felhaszn\u00e1l\u00e1sa \u00e9s megoszt\u00e1sa tekintet\u00e9ben.<\/p>\n<p>K\u00e9rj\u00fck, figyelmesen olvassa el.<\/p>\n<p>&nbsp;<\/p>\n<h2>1. CIKK \u2013 FOGALOMMEGHAT\u00c1ROZ\u00c1SOK<\/h2>\n<p>\u201e<strong><em>CNIL<\/em><\/strong>\u201d: a \u201eCommission Nationale de l\u2019Informatique et des Libert\u00e9s\u201d (Francia Adatv\u00e9delmi Hat\u00f3s\u00e1g), az e jelen Adatv\u00e9delmi t\u00e1j\u00e9koztat\u00f3 szerinti illet\u00e9kes fel\u00fcgyeleti hat\u00f3s\u00e1g.<\/p>\n<p>\u201e<em>Szem\u00e9lyes adatok<\/em>\u201d: b\u00e1rmely olyan adat \u00e9s\/vagy inform\u00e1ci\u00f3, amely egy term\u00e9szetes szem\u00e9lyt k\u00f6zvetlen\u00fcl vagy k\u00f6zvetve azonos\u00edtani k\u00e9pes. Az ELICIT PLANT Webhely keret\u00e9ben \u00e1ltalunk gy\u0171jt\u00f6tt szem\u00e9lyes adatokat k\u00fcl\u00f6n\u00f6sen a 3. cikk ismerteti.<\/p>\n<p>\u201e<strong><em>ELICIT PLANT<\/em><\/strong>\u201d vagy \u201e<strong><em>Mi<\/em><\/strong>\u201d: az ELICIT PLANT t\u00e1rsas\u00e1g, egyszer\u0171s\u00edtett r\u00e9szv\u00e9nyt\u00e1rsas\u00e1g (SAS) 139 417,50 \u20ac jegyzett t\u0151k\u00e9vel, sz\u00e9khely: Lieudit Le Ch\u00e2taignier, 1 Passage de la Croix, 16220 Moulins-sur-Tardoire, bejegyezve az ANGOUL\u00caME-i c\u00e9gnyilv\u00e1ntart\u00e1sba 831 286 455 sz\u00e1m alatt.<\/p>\n<p>\u201e<em>Adatv\u00e9delmi t\u00e1j\u00e9koztat\u00f3<\/em>\u201d: a jelen dokumentum, amely az \u00d6n Szem\u00e9lyes adatainak ELICIT PLANT \u00e1ltali kezel\u00e9s\u00e9re vonatkozik az ELICIT PLANT Webhely keret\u00e9ben.<\/p>\n<p>\u201e<strong><em>Szem\u00e9lyes adatokra vonatkoz\u00f3 szab\u00e1lyoz\u00e1s<\/em><\/strong>\u201d: az (EU) 2016\/679 rendelet (2016. \u00e1prilis 27.) a term\u00e9szetes szem\u00e9lyek szem\u00e9lyes adatainak kezel\u00e9se \u00e9s az adatok szabad \u00e1raml\u00e1sa tekintet\u00e9ben (GDPR), a 78-17. sz. 1978. janu\u00e1r 6-i francia t\u00f6rv\u00e9ny (m\u00f3dos\u00edtva) az adatkezel\u00e9sr\u0151l, f\u00e1jlokr\u00f3l \u00e9s szabads\u00e1gjogokr\u00f3l, valamint \u00e1ltal\u00e1ban minden alkalmazand\u00f3 rendelkez\u00e9s a szem\u00e9lyes adatok ter\u00fclet\u00e9n.<\/p>\n<p>\u201e<strong><em>ELICIT PLANT Webhely<\/em><\/strong>\u201d vagy \u201e<strong><em>Webhely<\/em><\/strong>\u201d: a <a href=\"http:\/\/www.elicit-plant.com\">www.elicit-plant.com<\/a> weboldal.<\/p>\n<p>\u201e<strong><em>Felhaszn\u00e1l\u00f3<\/em><\/strong>\u201d vagy \u201e<strong><em>\u00d6n<\/em><\/strong>\u201d: b\u00e1rmely term\u00e9szetes szem\u00e9ly, aki hozz\u00e1f\u00e9r a Webhelyhez, azt haszn\u00e1lja \u00e9s\/vagy l\u00e1togatja.<\/p>\n<p>&nbsp;<\/p>\n<h2>2. CIKK \u2013 MI AZ ELICIT PLANT SZEREPE AZ \u00d6N SZEM\u00c9LYES ADATAINAK KEZEL\u00c9S\u00c9BEN AZ ELICIT PLANT WEBHELYEN?<\/h2>\n<p>2.1<\/p>\n<p>A Webhely keret\u00e9ben kezelt Szem\u00e9lyes adatok tekintet\u00e9ben adatkezel\u0151k\u00e9nt j\u00e1runk el.<\/p>\n<p>A jelen Adatv\u00e9delmi t\u00e1j\u00e9koztat\u00f3val kapcsolatos b\u00e1rmely k\u00e9rd\u00e9s vagy az \u00d6n Szem\u00e9lyes adataira vonatkoz\u00f3 b\u00e1rmely k\u00e9relem eset\u00e9n b\u00e1rmikor felveheti vel\u00fcnk a kapcsolatot:<\/p>\n<ul>\n<li>Postai \u00faton: ELICIT PLANT \u2013 LIEUDIT LE CHATAIGNIER, 1 PASSAGE DE LA CROIX, 16220 MOULINS-SUR-TARDOIRE, CHARENTE (16)<\/li>\n<li>E-mailben: <a href=\"mailto:dataprivacy@elicit-plant.com\">dataprivacy@elicit-plant.com<\/a><\/li>\n<\/ul>\n<p>2.2<\/p>\n<p>Adatkezel\u0151k\u00e9nt v\u00e1llaljuk, hogy a Szem\u00e9lyes adatokra vonatkoz\u00f3 szab\u00e1lyoz\u00e1st tiszteletben tartjuk az \u00d6n Szem\u00e9lyes adatainak kezel\u00e9se sor\u00e1n, ide\u00e9rtve azt az esetet is, amikor adatfeldolgoz\u00f3kat vesz\u00fcnk ig\u00e9nybe.<\/p>\n<p>Ennek keret\u00e9ben minden egyes adatkezel\u00e9sn\u00e9l biztos\u00edtjuk az adatv\u00e9delem alapelveinek \u00e9rv\u00e9nyes\u00fcl\u00e9s\u00e9t.<\/p>\n<p>Szem\u00e9lyes adatait kiz\u00e1r\u00f3lag a jelen Adatv\u00e9delmi t\u00e1j\u00e9koztat\u00f3ban le\u00edrt c\u00e9lokra gy\u0171jtj\u00fck \u00e9s kezelj\u00fck, \u00e9s v\u00e1llaljuk, hogy csak a c\u00e9lok el\u00e9r\u00e9s\u00e9hez szigor\u00faan sz\u00fcks\u00e9ges Szem\u00e9lyes adatokat kezelj\u00fck.<\/p>\n<p>Sz\u00fcks\u00e9g eset\u00e9n el\u0151zetes hozz\u00e1j\u00e1rul\u00e1s\u00e1t k\u00e9rj\u00fck \u00faj \u00e9s\/vagy m\u00f3dos\u00edtott adatkezel\u00e9sek v\u00e9grehajt\u00e1s\u00e1hoz.<\/p>\n<p>2.2.1<\/p>\n<p>Fenntartjuk a jogot az Adatv\u00e9delmi t\u00e1j\u00e9koztat\u00f3 b\u00e1rmikori m\u00f3dos\u00edt\u00e1s\u00e1ra, \u00e9s a lehet\u0151 leghamarabb t\u00e1j\u00e9koztatjuk \u00d6nt.<\/p>\n<p>Az alkalmazand\u00f3 v\u00e1ltozat a Webhelyen k\u00f6zz\u00e9tett \u00e9s onnan el\u00e9rhet\u0151 legut\u00f3bbi v\u00e1ltozat.<\/p>\n<p>&nbsp;<\/p>\n<h2>3. CIKK \u2013 MELY SZEM\u00c9LYES ADATOKAT GY\u0170JTJ\u00dcK AZ ELICIT PLANT WEBHELY KERET\u00c9BEN?<\/h2>\n<p>3.1<\/p>\n<p>A Webhely l\u00e1togat\u00e1sa \u00e9s haszn\u00e1lata sor\u00e1n az al\u00e1bbi Szem\u00e9lyes adatainak kezel\u00e9s\u00e9re ker\u00fclhet sor:<\/p>\n<p>&nbsp;<\/p>\n<table>\n<tbody>\n<tr>\n<td width=\"121\"><strong>\u00c9RINTETT SZEM\u00c9LYEK KATEG\u00d3RI\u00c1JA<\/strong><\/td>\n<td width=\"298\"><strong>SZEM\u00c9LYES ADATOK KATEG\u00d3RI\u00c1I<\/strong><\/td>\n<td width=\"185\"><strong>A SZEM\u00c9LYES ADATOK FORR\u00c1SA<\/strong><\/td>\n<\/tr>\n<tr>\n<td rowspan=\"4\" width=\"121\">Az ELICIT PLANT Webhely felhaszn\u00e1l\u00f3ja<\/td>\n<td width=\"298\">&nbsp;<\/p>\n<p><strong>Szem\u00e9lyazonos\u00edt\u00e1si adatok,<\/strong> \u00edgy k\u00fcl\u00f6n\u00f6sen n\u00e9v, keresztn\u00e9v, telefonsz\u00e1m, e-mail-c\u00edm, illetve az \u00d6n orsz\u00e1ga<\/td>\n<td rowspan=\"2\" width=\"185\">A Szem\u00e9lyes adatok, amelyeket \u00d6n \u00f6nk\u00e9ntesen ad meg nek\u00fcnk a Webhelyhez val\u00f3 hozz\u00e1f\u00e9r\u00e9s \u00e9s\/vagy annak haszn\u00e1lata sor\u00e1n a kapcsolatfelv\u00e9teli \u0171rlapokon kereszt\u00fcl<\/p>\n<p>&nbsp;<\/td>\n<\/tr>\n<tr>\n<td width=\"298\"><strong>Az \u00e1ltalunk kapott \u00fczenetek \u00e9s dokumentumok tartalm\u00e1ra vonatkoz\u00f3 adatok,<\/strong> \u00edgy k\u00fcl\u00f6n\u00f6sen a Webhelyen tal\u00e1lhat\u00f3 kapcsolatfelv\u00e9teli \u0171rlapok haszn\u00e1lata sor\u00e1n megadott k\u00e9rd\u00e9sei vagy bejelent\u00e9sei<\/td>\n<\/tr>\n<tr>\n<td width=\"298\"><strong>Foglalkoz\u00e1s\u00e1ra vonatkoz\u00f3 adatok,<\/strong> \u00edgy k\u00e9szs\u00e9gek, szakmai tapasztalat, valamint \u00e1ltal\u00e1ban minden olyan inform\u00e1ci\u00f3, amelyet megad nek\u00fcnk a vel\u00fcnk val\u00f3 kapcsolatfelv\u00e9tel c\u00e9lj\u00e1b\u00f3l (p\u00e9ld\u00e1ul forgalmaz\u00f3k\u00e9nt), illetve p\u00e1ly\u00e1zata vagy \u00e1ll\u00e1shirdet\u00e9s\u00fcnkre adott v\u00e1lasza keret\u00e9ben (p\u00e9ld\u00e1ul \u00f6n\u00e9letrajz \u00e9s motiv\u00e1ci\u00f3s lev\u00e9l).<\/td>\n<td width=\"185\">A Szem\u00e9lyes adatok, amelyeket \u00d6n \u00f6nk\u00e9ntesen ad meg nek\u00fcnk a Webhelyhez val\u00f3 hozz\u00e1f\u00e9r\u00e9s \u00e9s\/vagy annak haszn\u00e1lata sor\u00e1n a kapcsolatfelv\u00e9teli \u0171rlapokon kereszt\u00fcl<\/p>\n<p>&nbsp;<\/p>\n<p>Valamint olyan Szem\u00e9lyes adatok, amelyeket harmadik felekt\u0151l gy\u0171jthet\u00fcnk az \u00e1tadott inform\u00e1ci\u00f3k megb\u00edzhat\u00f3s\u00e1g\u00e1nak ellen\u0151rz\u00e9se\/c\u00e1folata \u00e9rdek\u00e9ben<\/td>\n<\/tr>\n<tr>\n<td width=\"298\"><strong>Kapcsolati (napl\u00f3) adatok,<\/strong> \u00edgy az ELICIT PLANT Webhelyen tett l\u00e1togat\u00e1sa sor\u00e1n r\u00f6gz\u00edtett egyes inform\u00e1ci\u00f3k, p\u00e9ld\u00e1ul:<\/p>\n<p>o k\u00f6z\u00f6ns\u00e9g-\/l\u00e1togatotts\u00e1gi statisztik\u00e1k<\/p>\n<p>o az \u00d6n IP-c\u00edme<\/p>\n<p>o felhaszn\u00e1l\u00f3i azonos\u00edt\u00f3ja<\/p>\n<p>o f\u00f6ldrajzi adatok<\/p>\n<p>o a Webhelyen folytatott b\u00f6ng\u00e9sz\u00e9si \u00fatvonal adatai, \u00edgy k\u00fcl\u00f6n\u00f6sen a k\u00fcl\u00f6nb\u00f6z\u0151 URL-oldalakon tett \u00fatvonala, az \u00d6n \u00e1ltal el\u00e9rt vagy megtekintett tartalom, valamint bizonyos oldalak megtekint\u00e9s\u00e9nek id\u0151tartama<\/td>\n<td width=\"185\">Szem\u00e9lyes adatok, amelyeket k\u00f6zvetlen\u00fcl a Webhelyhez val\u00f3 hozz\u00e1f\u00e9r\u00e9skor szerz\u00fcnk meg s\u00fctik \u00e9s egy\u00e9b nyomk\u00f6vet\u0151k r\u00e9v\u00e9n.<\/p>\n<p>&nbsp;<\/p>\n<p>Tov\u00e1bbi inform\u00e1ci\u00f3k\u00e9rt tekintse meg \u201e<em><a href=\"https:\/\/www.elicit-plant.com\/hu\/sutikre-vonatkozo-szabalyzatunkat\/\">S\u00fctikre vonatkoz\u00f3 szab\u00e1lyzatunkat<\/a><\/em>\u201d.<\/p>\n<p>&nbsp;<\/td>\n<\/tr>\n<\/tbody>\n<\/table>\n<p>&nbsp;<\/p>\n<p>3.2<\/p>\n<p>A Webhely \u2013 k\u00fcl\u00f6n\u00f6sen a kapcsolatfelv\u00e9teli \u0171rlapok \u2013 haszn\u00e1lata sor\u00e1n jelezz\u00fck az adatszolg\u00e1ltat\u00e1s k\u00f6telez\u0151 vagy fakultat\u00edv jelleg\u00e9t.<\/p>\n<p>Amennyiben nem adja meg a k\u00f6telez\u0151k\u00e9nt jel\u00f6lt inform\u00e1ci\u00f3kat, el\u0151fordulhat, hogy nem tudunk v\u00e1laszolni \u00e9s\/vagy k\u00e9relm\u00e9t feldolgozni.<\/p>\n<p>3.3<\/p>\n<p>A Webhelyen haszn\u00e1lt s\u00fctikr\u0151l \u00e9s egy\u00e9b nyomk\u00f6vet\u0151kr\u0151l \u2013 c\u00e9ljaikr\u00f3l, partnereinkr\u0151l \u00e9s a be\u00e1ll\u00edt\u00e1si lehet\u0151s\u00e9gekr\u0151l \u2013 tov\u00e1bbi inform\u00e1ci\u00f3 a \u201e<em><a href=\"https:\/\/www.elicit-plant.com\/fr\/charte-des-cookies\/\">S\u00fctikre vonatkoz\u00f3 szab\u00e1lyzat<\/a><\/em>\u201d r\u00e9szben tal\u00e1lhat\u00f3, amely a Webhelyr\u0151l \u00e9rhet\u0151 el.<\/p>\n<p>&nbsp;<\/p>\n<h2>4. CIKK \u2013 MELY ADATKEZEL\u00c9SEKET V\u00c9GEZZ\u00dcK AZ \u00d6N SZEM\u00c9LYES ADATAIN AZ ELICIT PLANT WEBHELYEN?<\/h2>\n<p>4.1<\/p>\n<p>E szakasz ismerteti a Webhely haszn\u00e1lat\u00e1val \u00f6sszef\u00fcgg\u0151 adatkezel\u00e9seinket, k\u00fcl\u00f6n\u00f6sen azok c\u00e9lj\u00e1t \u00e9s jogalapj\u00e1t.<\/p>\n<p>&nbsp;<\/p>\n<table style=\"height: 1350px;\">\n<tbody>\n<tr style=\"height: 84px;\">\n<td style=\"height: 84px; width: 302px;\"><strong>ADATKEZEL\u00c9SEK C\u00c9LJAI<\/strong><\/td>\n<td style=\"height: 84px; width: 302px;\"><strong>AZ ADATKEZEL\u00c9SEK JOGALAPJA<\/strong><\/td>\n<\/tr>\n<tr style=\"height: 252px;\">\n<td style=\"height: 252px; width: 302px;\">Az \u00d6n \u00e1ltal k\u00fcld\u00f6tt megkeres\u00e9s\/ig\u00e9ny megv\u00e1laszol\u00e1sa \u00e9s azzal kapcsolatos kommunik\u00e1ci\u00f3, ide\u00e9rtve szolg\u00e1ltat\u00e1sainkr\u00f3l sz\u00f3l\u00f3 t\u00e1j\u00e9koztat\u00e1sok k\u00fcld\u00e9s\u00e9t, k\u00e9rd\u00e9sei megv\u00e1laszol\u00e1s\u00e1t vagy vit\u00e1s \u00fcgy rendez\u00e9s\u00e9t<\/td>\n<td style=\"height: 942px; width: 302px;\" rowspan=\"5\">Az \u00d6n hozz\u00e1j\u00e1rul\u00e1sa.<\/p>\n<p>&nbsp;<\/p>\n<p>A hozz\u00e1j\u00e1rul\u00e1son alapul\u00f3 adatkezel\u00e9sek eset\u00e9n \u00d6n b\u00e1rmikor jogosult:<\/p>\n<p>&nbsp;<\/p>\n<p>hozz\u00e1j\u00e1rul\u00e1s\u00e1t visszavonni \u00e9s\/vagy<\/p>\n<p>tiltakozni az adatkezel\u00e9s ellen<\/p>\n<p>\u00e9s\/vagy gyakorolni az adathordozhat\u00f3s\u00e1ghoz val\u00f3 jog\u00e1t.<\/p>\n<p>Amennyiben nem ad hozz\u00e1j\u00e1rul\u00e1st \u00e9s\/vagy visszavonja hozz\u00e1j\u00e1rul\u00e1s\u00e1t, az adott c\u00e9lb\u00f3l nem haszn\u00e1ljuk fel Szem\u00e9lyes adatait. Ilyen esetben el\u0151fordulhat, hogy megkeres\u00e9seire\/p\u00e1ly\u00e1zataira nem tudunk v\u00e1laszolni. A visszavon\u00e1st megel\u0151z\u0151en v\u00e9gzett adatkezel\u00e9s jogszer\u0171.<\/td>\n<\/tr>\n<tr style=\"height: 156px;\">\n<td style=\"height: 156px; width: 302px;\">A tev\u00e9kenys\u00e9g\u00fcnkh\u00f6z sz\u00fcks\u00e9ges toborz\u00e1si m\u0171veletek elv\u00e9gz\u00e9se, \u00edgy az \u00d6n p\u00e1ly\u00e1zat\u00e1nak kezel\u00e9se \u00e9s \u00e1ll\u00e1shirdet\u00e9seink adminisztr\u00e1ci\u00f3ja<\/td>\n<\/tr>\n<tr style=\"height: 180px;\">\n<td style=\"height: 180px; width: 302px;\">Kapcsolatfelv\u00e9tel egy lehets\u00e9ges \u00fczleti kapcsolat kialak\u00edt\u00e1sa \u00e9rdek\u00e9ben, k\u00fcl\u00f6n\u00f6sen, ha \u00d6n forgalmaz\u00f3k\u00e9nt \u00e9rdekl\u0151dik term\u00e9keink \u00e9s szolg\u00e1ltat\u00e1saink ir\u00e1nt<\/td>\n<\/tr>\n<tr style=\"height: 204px;\">\n<td style=\"height: 204px; width: 302px;\">Kereskedelmi megkeres\u00e9sek \u00e9s kommunik\u00e1ci\u00f3k k\u00fcld\u00e9se \u2013 t\u00f6bbek k\u00f6z\u00f6tt e-mailben vagy h\u00edrlevel\u00fcnk \u00fatj\u00e1n<\/td>\n<\/tr>\n<tr style=\"height: 150px;\">\n<td style=\"height: 150px; width: 302px;\">A weboldal l\u00e1togatotts\u00e1g\u00e1nak m\u00e9r\u00e9se \u00e9s a forgalom elemz\u00e9se<\/p>\n<p>&nbsp;<\/td>\n<\/tr>\n<tr style=\"height: 84px;\">\n<td style=\"height: 84px; width: 302px;\">Jogok meg\u00e1llap\u00edt\u00e1sa, gyakorl\u00e1sa vagy v\u00e9delme b\u00edr\u00f3s\u00e1g el\u0151tt<\/td>\n<td style=\"height: 84px; width: 302px;\">A r\u00e1nk vonatkoz\u00f3 jogi k\u00f6telezetts\u00e9gek teljes\u00edt\u00e9se<\/td>\n<\/tr>\n<tr style=\"height: 108px;\">\n<td style=\"height: 108px; width: 302px;\">Minden r\u00e1nk alkalmazand\u00f3 szab\u00e1lyoz\u00e1snak val\u00f3 megfelel\u00e9s<\/td>\n<td style=\"height: 108px; width: 302px;\">A tev\u00e9kenys\u00e9g\u00fcnkkel \u00f6sszef\u00fcgg\u0151 jogi k\u00f6telezetts\u00e9gek teljes\u00edt\u00e9se<\/td>\n<\/tr>\n<tr style=\"height: 132px;\">\n<td style=\"height: 132px; width: 302px;\">Az \u00d6n hozz\u00e1j\u00e1rul\u00e1s\u00e1nak beszerz\u00e9se<\/td>\n<td style=\"height: 132px; width: 302px;\">A Szem\u00e9lyes adatokra vonatkoz\u00f3 szab\u00e1lyoz\u00e1s szerinti jogi k\u00f6telezetts\u00e9gek teljes\u00edt\u00e9se<\/td>\n<\/tr>\n<\/tbody>\n<\/table>\n<p>&nbsp;<\/p>\n<h2>5. CIKK \u2013 KIKNEK TOV\u00c1BB\u00cdTJUK AZ \u00d6N SZEM\u00c9LYES ADATAIT?<\/h2>\n<p>5.1<\/p>\n<p>Az \u00d6n Szem\u00e9lyes adataihoz hozz\u00e1f\u00e9rhetnek \u00e9s azokat megkaphatj\u00e1k:<\/p>\n<ul>\n<li>az \u00d6n k\u00e9relme \u00e1ltal \u00e9rintett szervezeti egys\u00e9geink: hum\u00e1ner\u0151forr\u00e1s, jogi, min\u0151s\u00e9g\u00fcgy, forgalmaz\u00f3i kapcsolatok, \u00fcgyf\u00e9lszolg\u00e1lat stb.;<\/li>\n<li>a Webhely t\u00e1rhely\u00e9t biztos\u00edt\u00f3 \u00e9s a kapcsol\u00f3d\u00f3 karbantart\u00e1st v\u00e9gz\u0151 technikai szolg\u00e1ltat\u00f3ink, adatfeldolgoz\u00f3k\u00e9nt elj\u00e1rva;<\/li>\n<li>term\u00e9keink \u00e9s szolg\u00e1ltat\u00e1saink forgalmaz\u00f3i;<\/li>\n<li><span style=\"font-size: 1.125rem; letter-spacing: -0.0313rem;\">\u00fczleti partnereink, akik az ELICIT PLANT bemutat\u00e1s\u00e1\u00e9rt \u00e9s prom\u00f3ci\u00f3j\u00e1\u00e9rt felel\u0151sek;<\/span><\/li>\n<li>b\u00e1rmely szem\u00e9ly vagy szerv, amely a jogi k\u00f6telezetts\u00e9geink alapj\u00e1n k\u00e9ri az adatok kiad\u00e1s\u00e1t, ide\u00e9rtve a hat\u00f3s\u00e1gokat, igazs\u00e1g\u00fcgyi seg\u00e9dszem\u00e9lyzetet \u00e9s k\u00f6zjegyz\u0151ket \u2013 k\u00fcl\u00f6n\u00f6sen vizsg\u00e1latok \u00e9s nyomoz\u00e1sok keret\u00e9ben \u2013, tov\u00e1bb\u00e1 a telefonos megkeres\u00e9sek elleni tilt\u00f3lista kezel\u00e9s\u00e9\u00e9rt felel\u0151s szervezetet;<\/li>\n<li>b\u00e1rmely harmadik f\u00e9l, ha a szem\u00e9lyes adatok tov\u00e1bb\u00edt\u00e1sa sz\u00fcks\u00e9ges (i) a vel\u00fcnk szemben \u00e9rv\u00e9nyes\u00edtett ig\u00e9nyek megv\u00e1laszol\u00e1s\u00e1hoz, (ii) k\u00f6zeg\u00e9szs\u00e9g\u00fcgyi vagy szem\u00e9lyi s\u00e9r\u00fcl\u00e9s kock\u00e1zat\u00e1val j\u00e1r\u00f3 v\u00e9szhelyzetben, vagy (iii) jogaink, vagyonunk \u00e9s biztons\u00e1gunk \u2013 valamint tagjaink \u00e9s \u00e1ltal\u00e1ban b\u00e1rmely harmadik f\u00e9l \u2013 v\u00e9delme \u00e9rdek\u00e9ben.<\/li>\n<\/ul>\n<p>5.2<\/p>\n<p>Amennyiben Szem\u00e9lyes adatait a Szem\u00e9lyes adatokra vonatkoz\u00f3 szab\u00e1lyoz\u00e1s \u00e9rtelm\u00e9ben adatfeldolgoz\u00f3ink gy\u0171jtik \u00e9s kezelik, \u00fagy tov\u00e1bbra is mi maradunk az adatkezel\u0151k, a jelen Adatv\u00e9delmi t\u00e1j\u00e9koztat\u00f3ban r\u00e9szletezett felel\u0151ss\u00e9gekkel \u00e9s k\u00f6telezetts\u00e9gekkel.<\/p>\n<p>Adatfeldolgoz\u00f3ink Szem\u00e9lyes adatait kiz\u00e1r\u00f3lag a jelen Adatv\u00e9delmi t\u00e1j\u00e9koztat\u00f3ban meghat\u00e1rozott c\u00e9lokra haszn\u00e1lj\u00e1k, \u00e9s felel\u0151sek azok biztons\u00e1g\u00e1\u00e9rt \u00e9s bizalmas kezel\u00e9s\u00e9\u00e9rt. Felel\u0151ss\u00e9g\u00fck a szerz\u0151d\u00e9ses meg\u00e1llapod\u00e1sunkban \u00e9s az alkalmazand\u00f3 jogban meghat\u00e1rozott felt\u00e9telek szerint \u00e1ll fenn.<\/p>\n<p>Ha adatfeldolgoz\u00f3ink saj\u00e1t c\u00e9ljaikra gy\u0171jtik \u00e9s kezelik Szem\u00e9lyes adatait, adatkezel\u0151k\u00e9nt elj\u00e1rva \u0151ket terheli az \u00d6n megfelel\u0151 t\u00e1j\u00e9koztat\u00e1s\u00e1nak k\u00f6telezetts\u00e9ge.<\/p>\n<p>Az ELICIT PLANT Webhely keret\u00e9ben \u2013 a jelen Adatv\u00e9delmi t\u00e1j\u00e9koztat\u00f3val \u00f6sszhangban \u2013 gy\u0171jt\u00f6tt \u00e9s kezelt Szem\u00e9lyes adatai <span style=\"color: #86b049;\"><b>Sv\u00e1jcban<\/b><\/span> ker\u00fclnek t\u00e1rol\u00e1sra \u00e9s elhelyez\u00e9sre, ahol a t\u00e1rhelyszolg\u00e1ltat\u00f3nk tal\u00e1lhat\u00f3.<\/p>\n<p>&nbsp;<\/p>\n<h2>7. CIKK \u2013 MEDDIG \u0150RIZZ\u00dcK MEG AZ \u00d6N SZEM\u00c9LYES ADATAIT?<\/h2>\n<p>7.1<\/p>\n<p>A meg\u0151rz\u00e9si id\u0151 az \u00e9rintett Szem\u00e9lyes adatok kateg\u00f3ri\u00e1j\u00e1t\u00f3l \u00e9s az adatkezel\u00e9s c\u00e9lj\u00e1t\u00f3l f\u00fcgg\u0151en v\u00e1ltozhat.<\/p>\n<p>Elt\u00e9r\u0151 rendelkez\u00e9s hi\u00e1ny\u00e1ban (l\u00e1sd 7.2) Szem\u00e9lyes adatait f\u0151szab\u00e1ly szerint a k\u00e9relme feldolgoz\u00e1s\u00e1hoz sz\u00fcks\u00e9ges ideig \u0151rizz\u00fck meg, majd az egyeztet\u00e9sek megsz\u0171n\u00e9s\u00e9t k\u00f6vet\u0151en az utols\u00f3 kapcsolatfelv\u00e9telt\u0151l sz\u00e1m\u00edtott 3 \u00e9ven bel\u00fcl t\u00f6r\u00f6lj\u00fck.<\/p>\n<p>7.2<\/p>\n<p>A fentiek al\u00f3li kiv\u00e9telk\u00e9nt bizonyos Szem\u00e9lyes adatai az al\u00e1bbiak szerint ker\u00fclnek meg\u0151rz\u00e9sre:<\/p>\n<p>&nbsp;<\/p>\n<table width=\"614\">\n<tbody>\n<tr>\n<td width=\"321\"><strong>Az adatkezel\u00e9s c\u00e9lja<\/strong><\/td>\n<td width=\"293\"><strong>Meg\u0151rz\u00e9si id\u0151<\/strong><\/td>\n<\/tr>\n<tr>\n<td width=\"321\">&nbsp;<\/p>\n<p>Kapcsolati\/napl\u00f3z\u00e1si adatok<\/td>\n<td width=\"293\">L\u00e1sd a <a href=\"https:\/\/www.elicit-plant.com\/hu\/sutikre-vonatkozo-szabalyzatunkat\/\">S\u00fctikre vonatkoz\u00f3 szab\u00e1lyzatunkat<\/a><\/td>\n<\/tr>\n<tr>\n<td width=\"321\">Jogok meg\u00e1llap\u00edt\u00e1sa, gyakorl\u00e1sa vagy v\u00e9delme b\u00edr\u00f3s\u00e1g el\u0151tt \u2013 k\u00fcl\u00f6n\u00f6sen a vissza\u00e9l\u00e9s-bejelent\u00e9si mechanizmus keret\u00e9ben \u2013 \u00e9s \u00e1ltal\u00e1ban minden r\u00e1nk alkalmazand\u00f3 szab\u00e1lyoz\u00e1snak val\u00f3 megfelel\u00e9s<\/td>\n<td width=\"293\">Az alkalmazand\u00f3 jogi k\u00f6telezetts\u00e9gek \u00e1ltal el\u0151\u00edrt id\u0151tartam<\/td>\n<\/tr>\n<\/tbody>\n<\/table>\n<p>&nbsp;<\/p>\n<h2>8. CIKK \u2013 MILYEN BIZTONS\u00c1GI INT\u00c9ZKED\u00c9SEKET ALKALMAZUNK AZ \u00d6N SZEM\u00c9LYES ADATAINAK KEZEL\u00c9SE SOR\u00c1N?<\/h2>\n<p>8.1<\/p>\n<p>Fizikai, szervezeti \u00e9s technikai int\u00e9zked\u00e9seket alkalmazunk az \u00d6n Szem\u00e9lyes adatainak biztons\u00e1ga \u00e9s bizalmass\u00e1ga \u00e9rdek\u00e9ben az ELICIT PLANT Webhely haszn\u00e1lata sor\u00e1n.<\/p>\n<p>Minden sz\u00fcks\u00e9ges \u00f3vint\u00e9zked\u00e9st megtesz\u00fcnk annak \u00e9rdek\u00e9ben, hogy illet\u00e9ktelenek ne f\u00e9rhessenek hozz\u00e1 Szem\u00e9lyes adataihoz \u2013 t\u00f6bbek k\u00f6z\u00f6tt a szem\u00e9lyes adatok minden tov\u00e1bb\u00edt\u00e1s\u00e1t korszer\u0171 algoritmusokkal titkos\u00edtjuk, a titkos\u00edt\u00e1si kulcsokat meg\u00f3vjuk a v\u00e9letlen kisziv\u00e1rg\u00e1st\u00f3l, a szem\u00e9lyes adatok c\u00edmzett eszk\u00f6zeit hiteles\u00edtj\u00fck, \u00e9s a vez\u00e9rl\u00e9si funkci\u00f3khoz val\u00f3 hozz\u00e1f\u00e9r\u00e9st megb\u00edzhat\u00f3 felhaszn\u00e1l\u00f3i hiteles\u00edt\u00e9shez (jelsz\u00f3, elektronikus tan\u00fas\u00edtv\u00e1ny stb.) k\u00f6tj\u00fck.<\/p>\n<p>8.2<\/p>\n<p>V\u00e1llaljuk a hat\u00e1sk\u00f6r\u00fcnkbe tartoz\u00f3, b\u00f6ng\u00e9sz\u00e9ssel \u00e9s a Webhely haszn\u00e1lat\u00e1val \u00f6sszef\u00fcgg\u0151 fizikai \u00e9s logisztikai biztons\u00e1gi szabv\u00e1nyok (helyis\u00e9gek v\u00e9delme, szerverek v\u00e9delme stb.) betart\u00e1s\u00e1t; a ment\u00e9si \u00e9s\/vagy biztons\u00e1gi k\u00f6telezetts\u00e9gek ugyanakkor a Webhelyet hosztol\u00f3 szolg\u00e1ltat\u00f3nk felel\u0151ss\u00e9gi k\u00f6r\u00e9be tartoznak.<\/p>\n<p>8.3<\/p>\n<p>Webhely-kiad\u00f3k\u00e9nt \u00e9s a b\u00f6ng\u00e9sz\u00e9s, valamint a Webhely haszn\u00e1lata biztons\u00e1g\u00e1\u00e9rt felel\u0151s f\u00e9lk\u00e9nt megfelel\u0151 int\u00e9zked\u00e9sekkel akad\u00e1lyozzuk meg az adatok torzul\u00e1s\u00e1t, s\u00e9r\u00fcl\u00e9s\u00e9t vagy illet\u00e9ktelen hozz\u00e1f\u00e9r\u00e9s\u00e9t \u2013 k\u00fcl\u00f6n\u00f6sen a hozz\u00e1f\u00e9r\u00e9sek ellen\u0151rz\u00e9s\u00e9vel \u00e9s az esetleges adattov\u00e1bb\u00edt\u00e1sok biztons\u00e1goss\u00e1 t\u00e9tel\u00e9vel.<\/p>\n<p>8.4<\/p>\n<p>Az ELICIT PLANT Webhelyr\u0151l kivezet\u0151 linkeken el\u00e9rhet\u0151 \u2013 saj\u00e1t webhelyeinken k\u00edv\u00fcli \u2013 inform\u00e1ci\u00f3k nem \u00e1llnak ellen\u0151rz\u00e9s\u00fcnk alatt; az ott el\u00e9rhet\u0151 tartalmak\u00e9rt \u00e9s esetleges informatikai biztons\u00e1gi hi\u00e1nyoss\u00e1gok\u00e9rt, valamint azok k\u00f6vetkezm\u00e9nyei\u00e9rt felel\u0151ss\u00e9get nem v\u00e1llalunk.<\/p>\n<p>8.5<\/p>\n<p>A Szem\u00e9lyes adatok eg\u00e9sz\u00e9t vagy egy r\u00e9sz\u00e9t \u00e9rint\u0151 biztons\u00e1gi incidens vagy adatveszt\u00e9s eset\u00e9n az alkalmazand\u00f3 jogszab\u00e1lyoknak megfelel\u0151en \u00e9rtes\u00edtj\u00fck \u00d6nt.<\/p>\n<p>Minden t\u0151l\u00fcnk telhet\u0151t megtesz\u00fcnk a hiba elh\u00e1r\u00edt\u00e1sa \u00e9s az adatok biztons\u00e1g\u00e1nak helyre\u00e1ll\u00edt\u00e1sa \u00e9rdek\u00e9ben, k\u00fcl\u00f6n\u00f6sen:<\/p>\n<ul>\n<li>az incidens miel\u0151bbi bejelent\u00e9s\u00e9vel \u2013 k\u00fcl\u00f6n\u00f6sen, ha ezt jogszab\u00e1ly \u00edrja el\u0151;<\/li>\n<li>az okok felt\u00e1r\u00e1s\u00e1val;<\/li>\n<\/ul>\n<ul>\n<li>\u00e9szszer\u0171 keretek k\u00f6z\u00f6tt sz\u00fcks\u00e9ges int\u00e9zked\u00e9sek megt\u00e9tel\u00e9vel a negat\u00edv hat\u00e1sok \u00e9s k\u00e1rok enyh\u00edt\u00e9s\u00e9re.<\/li>\n<\/ul>\n<p>&nbsp;<\/p>\n<h2>9. CIKK \u2013 MILYEN JOGAI VANNAK AZ \u00d6N SZEM\u00c9LYES ADATAIVAL KAPCSOLATBAN?<\/h2>\n<p>9.1<\/p>\n<p>A Webhely keret\u00e9ben gy\u0171jt\u00f6tt \u00e9s kezelt Szem\u00e9lyes adatai tekintet\u00e9ben \u00d6n a k\u00f6vetkez\u0151 jogokkal rendelkezik:<\/p>\n<ul>\n<li>joga van Szem\u00e9lyes adataihoz b\u00e1rmikor hozz\u00e1f\u00e9rni;<\/li>\n<\/ul>\n<ul>\n<li>k\u00e9rheti Szem\u00e9lyes adatai helyesb\u00edt\u00e9s\u00e9t, kieg\u00e9sz\u00edt\u00e9s\u00e9t, pontos\u00edt\u00e1s\u00e1t, friss\u00edt\u00e9s\u00e9t vagy t\u00f6rl\u00e9s\u00e9t;<\/li>\n<\/ul>\n<ul>\n<li>adathordozhat\u00f3s\u00e1ghoz val\u00f3 jog\u00e1t gyakorolva szem\u00e9lyes haszn\u00e1latra visszaszerezheti adatait, illetve k\u00e9rheti azok tov\u00e1bb\u00edt\u00e1s\u00e1t egy harmadik f\u00e9l r\u00e9sz\u00e9re \u2013 amennyiben ez technikailag megval\u00f3s\u00edthat\u00f3;<\/li>\n<\/ul>\n<ul>\n<li>jogos \u00e9rdeken alapul\u00f3 okokb\u00f3l tiltakozhat Szem\u00e9lyes adatai kezel\u00e9se ellen; e jog gyakorl\u00e1sa r\u00e9szben vagy eg\u00e9szben megakad\u00e1lyozhatja k\u00e9relme feldolgoz\u00e1s\u00e1t vagy \u00e1ll\u00e1saj\u00e1nlatok k\u00fcld\u00e9s\u00e9t;<\/li>\n<\/ul>\n<ul>\n<li>joga van k\u00e9rni Szem\u00e9lyes adatai kezel\u00e9s\u00e9nek korl\u00e1toz\u00e1s\u00e1t; e jog gyakorl\u00e1sa r\u00e9szben vagy eg\u00e9szben megakad\u00e1lyozhatja k\u00e9relme feldolgoz\u00e1s\u00e1t vagy \u00e1ll\u00e1saj\u00e1nlatok k\u00fcld\u00e9s\u00e9t;<\/li>\n<\/ul>\n<ul>\n<li>t\u00e1j\u00e9koztathat benn\u00fcnket Szem\u00e9lyes adatai sors\u00e1r\u00f3l hal\u00e1la eset\u00e9re (k\u00fcl\u00f6n\u00f6sen t\u00f6rl\u00e9s vagy az \u00d6n \u00e1ltal kijel\u00f6lt \u00f6r\u00f6k\u00f6s\u00f6knek t\u00f6rt\u00e9n\u0151 \u00e1tad\u00e1s).<\/li>\n<\/ul>\n<p>9.2<\/p>\n<p>Hozz\u00e1f\u00e9r\u00e9si, tiltakoz\u00e1si, helyesb\u00edt\u00e9si vagy t\u00f6rl\u00e9si jog\u00e1t b\u00e1rmikor gyakorolhatja, ha k\u00e9relm\u00e9ben felt\u00fcnteti e-mail c\u00edm\u00e9t, vezet\u00e9k- \u00e9s keresztnev\u00e9t:<\/p>\n<ul>\n<li>Postai \u00faton: ELICIT PLANT \u2013 LIEUDIT LE CHATAIGNIER, 1 PASSAGE DE LA CROIX, 16220 MOULINS-SUR-TARDOIRE, CHARENTE (16)<\/li>\n<li>E-mailben: <a href=\"mailto:dataprivacy@elicit-plant.com\">dataprivacy@elicit-plant.com<\/a><\/li>\n<\/ul>\n<p>Szem\u00e9lyazonoss\u00e1ga igazol\u00e1s\u00e1t k\u00e9rhetj\u00fck annak biztos\u00edt\u00e1s\u00e1ra, hogy val\u00f3ban \u00d6n ny\u00fajtotta be a joggyakorl\u00e1si k\u00e9relmet.<\/p>\n<p>A r\u00e1nk vonatkoz\u00f3 k\u00f6telez\u0151 jogszab\u00e1lyi rendelkez\u00e9sekre figyelemmel minden t\u0151l\u00fcnk telhet\u0151t megtesz\u00fcnk a k\u00e9relmek feldolgoz\u00e1s\u00e1\u00e9rt.<\/p>\n<p>9.3<\/p>\n<p>Jog\u00e1ban \u00e1ll panaszt beny\u00fajtani az illet\u00e9kes fel\u00fcgyeleti hat\u00f3s\u00e1ghoz \u2013 Franciaorsz\u00e1gban a CNIL-hez \u2013 az \u00e1ltalunk v\u00e9gzett adatgy\u0171jt\u00e9s \u00e9s -kezel\u00e9s tekintet\u00e9ben.<\/p>\n<p>&nbsp;<\/p>\n<h2>10. CIKK \u2013 ALKALMAZAND\u00d3 JOG \u00c9S VITARENDEZ\u00c9S<\/h2>\n<p>10.1<\/p>\n<p>A jelen Adatv\u00e9delmi t\u00e1j\u00e9koztat\u00f3ra kiz\u00e1r\u00f3lag a francia jog ir\u00e1nyad\u00f3, a jog \u00e1ltal megengedett m\u00e9rt\u00e9kben.<\/p>\n<p>10.2<\/p>\n<p>Amennyiben az esetleges vit\u00e1k nem rendezhet\u0151k b\u00e9k\u00e9s \u00faton, \u00e9s nincs kifejezett meg\u00e1llapod\u00e1s \u00d6n \u00e9s k\u00f6z\u00f6tt\u00fcnk, az \u00d6n Szem\u00e9lyes adatainak gy\u0171jt\u00e9s\u00e9vel \u00e9s kezel\u00e9s\u00e9vel, valamint a jelen Adatv\u00e9delmi t\u00e1j\u00e9koztat\u00f3val \u2013 annak \u00e9rv\u00e9nyess\u00e9g\u00e9vel, \u00e9rtelmez\u00e9s\u00e9vel, v\u00e9grehajt\u00e1s\u00e1val, k\u00f6vetkezm\u00e9nyeivel \u00e9s hat\u00e1saival \u2013 kapcsolatos jogvit\u00e1k elb\u00edr\u00e1l\u00e1s\u00e1ra a francia b\u00edr\u00f3s\u00e1gok illet\u00e9kesek az alkalmazand\u00f3 elj\u00e1r\u00e1si szab\u00e1lyok szerint.<\/p>\n\n            <div style=\"clear: both;\"><\/div>\n        <\/div>\n    <\/div>\n<\/section>\n","protected":false},"excerpt":{"rendered":"<p>Online k\u00f6zz\u00e9tett v\u00e1ltozat: 2025.10.01. &nbsp; Az ELICIT PLANT k\u00fcl\u00f6n\u00f6s figyelmet ford\u00edt az \u00d6n Szem\u00e9lyes adatainak v\u00e9delm\u00e9re \u00e9s a mag\u00e1n\u00e9let tiszteletben tart\u00e1s\u00e1ra. Jelen Adatv\u00e9delmi t\u00e1j\u00e9koztat\u00f3 c\u00e9lja, hogy t\u00e1j\u00e9koztassa \u00d6nt a gyakorlatainkr\u00f3l azokr\u00f3l az inform\u00e1ci\u00f3kr\u00f3l, amelyeket \u00d6n k\u00f6zvetlen\u00fcl vagy k\u00f6zvetve megad nek\u00fcnk az ELICIT PLANT Webhelyhez val\u00f3 hozz\u00e1f\u00e9r\u00e9se \u00e9s annak haszn\u00e1lata sor\u00e1n \u2013 ezek gy\u0171jt\u00e9se, kezel\u00e9se, felhaszn\u00e1l\u00e1sa \u00e9s megoszt\u00e1sa tekintet\u00e9ben. K\u00e9rj\u00fck, figyelmesen olvassa el. &nbsp; 1. CIKK \u2013 FOGALOMMEGHAT\u00c1ROZ\u00c1SOK \u201eCNIL\u201d: a \u201eCommission Nationale de l\u2019Informatique et des Libert\u00e9s\u201d (Francia Adatv\u00e9delmi Hat\u00f3s\u00e1g), az e jelen Adatv\u00e9delmi t\u00e1j\u00e9koztat\u00f3 szerinti illet\u00e9kes fel\u00fcgyeleti hat\u00f3s\u00e1g. \u201eSzem\u00e9lyes adatok\u201d: b\u00e1rmely olyan adat \u00e9s\/vagy inform\u00e1ci\u00f3, amely egy term\u00e9szetes szem\u00e9lyt k\u00f6zvetlen\u00fcl vagy k\u00f6zvetve azonos\u00edtani k\u00e9pes. Az ELICIT PLANT Webhely keret\u00e9ben \u00e1ltalunk gy\u0171jt\u00f6tt szem\u00e9lyes&#8230;<\/p>\n","protected":false},"author":6,"featured_media":330,"parent":0,"menu_order":0,"comment_status":"closed","ping_status":"closed","template":"","meta":{"_acf_changed":false,"footnotes":""},"class_list":["post-333","page","type-page","status-publish","has-post-thumbnail","hentry"],"acf":[],"yoast_head":"<!-- This site is optimized with the Yoast SEO plugin v27.3 - https:\/\/yoast.com\/product\/yoast-seo-wordpress\/ -->\n<title>Privacy policy - Elicit Plant Magyarorsz\u00e1g<\/title>\n<meta name=\"robots\" content=\"noindex, follow\" \/>\n<meta property=\"og:locale\" content=\"hu_HU\" \/>\n<meta property=\"og:type\" content=\"article\" \/>\n<meta property=\"og:title\" content=\"Privacy policy - Elicit Plant Magyarorsz\u00e1g\" \/>\n<meta property=\"og:description\" content=\"Online k\u00f6zz\u00e9tett v\u00e1ltozat: 2025.10.01. &nbsp; Az ELICIT PLANT k\u00fcl\u00f6n\u00f6s figyelmet ford\u00edt az \u00d6n Szem\u00e9lyes adatainak v\u00e9delm\u00e9re \u00e9s a mag\u00e1n\u00e9let tiszteletben tart\u00e1s\u00e1ra. Jelen Adatv\u00e9delmi t\u00e1j\u00e9koztat\u00f3 c\u00e9lja, hogy t\u00e1j\u00e9koztassa \u00d6nt a gyakorlatainkr\u00f3l azokr\u00f3l az inform\u00e1ci\u00f3kr\u00f3l, amelyeket \u00d6n k\u00f6zvetlen\u00fcl vagy k\u00f6zvetve megad nek\u00fcnk az ELICIT PLANT Webhelyhez val\u00f3 hozz\u00e1f\u00e9r\u00e9se \u00e9s annak haszn\u00e1lata sor\u00e1n \u2013 ezek gy\u0171jt\u00e9se, kezel\u00e9se, felhaszn\u00e1l\u00e1sa \u00e9s megoszt\u00e1sa tekintet\u00e9ben. K\u00e9rj\u00fck, figyelmesen olvassa el. &nbsp; 1. CIKK \u2013 FOGALOMMEGHAT\u00c1ROZ\u00c1SOK \u201eCNIL\u201d: a \u201eCommission Nationale de l\u2019Informatique et des Libert\u00e9s\u201d (Francia Adatv\u00e9delmi Hat\u00f3s\u00e1g), az e jelen Adatv\u00e9delmi t\u00e1j\u00e9koztat\u00f3 szerinti illet\u00e9kes fel\u00fcgyeleti hat\u00f3s\u00e1g. \u201eSzem\u00e9lyes adatok\u201d: b\u00e1rmely olyan adat \u00e9s\/vagy inform\u00e1ci\u00f3, amely egy term\u00e9szetes szem\u00e9lyt k\u00f6zvetlen\u00fcl vagy k\u00f6zvetve azonos\u00edtani k\u00e9pes. Az ELICIT PLANT Webhely keret\u00e9ben \u00e1ltalunk gy\u0171jt\u00f6tt szem\u00e9lyes...\" \/>\n<meta property=\"og:url\" content=\"https:\/\/www.elicit-plant.com\/hu\/adatvedelmi-iranyelvek\/\" \/>\n<meta property=\"og:site_name\" content=\"Elicit Plant Magyarorsz\u00e1g\" \/>\n<meta property=\"article:publisher\" content=\"https:\/\/www.facebook.com\/p\/Elicit-Plant-100064059283408\/?locale=fr_FR\" \/>\n<meta property=\"article:modified_time\" content=\"2025-10-07T09:40:12+00:00\" \/>\n<meta property=\"og:image\" content=\"https:\/\/www.elicit-plant.com\/app\/uploads\/sites\/8\/2024\/06\/Legal-Notice.jpg\" \/>\n\t<meta property=\"og:image:width\" content=\"1707\" \/>\n\t<meta property=\"og:image:height\" content=\"700\" \/>\n\t<meta property=\"og:image:type\" content=\"image\/jpeg\" \/>\n<meta name=\"twitter:card\" content=\"summary_large_image\" \/>\n<meta name=\"twitter:label1\" content=\"Becs\u00fclt olvas\u00e1si id\u0151\" \/>\n\t<meta name=\"twitter:data1\" content=\"1 perc\" \/>\n<script type=\"application\/ld+json\" class=\"yoast-schema-graph\">{\"@context\":\"https:\\\/\\\/schema.org\",\"@graph\":[{\"@type\":\"WebPage\",\"@id\":\"https:\\\/\\\/www.elicit-plant.com\\\/hu\\\/adatvedelmi-iranyelvek\\\/\",\"url\":\"https:\\\/\\\/www.elicit-plant.com\\\/hu\\\/adatvedelmi-iranyelvek\\\/\",\"name\":\"Privacy policy - Elicit Plant Magyarorsz\u00e1g\",\"isPartOf\":{\"@id\":\"https:\\\/\\\/www.elicit-plant.com\\\/hu\\\/#website\"},\"primaryImageOfPage\":{\"@id\":\"https:\\\/\\\/www.elicit-plant.com\\\/hu\\\/adatvedelmi-iranyelvek\\\/#primaryimage\"},\"image\":{\"@id\":\"https:\\\/\\\/www.elicit-plant.com\\\/hu\\\/adatvedelmi-iranyelvek\\\/#primaryimage\"},\"thumbnailUrl\":\"https:\\\/\\\/www.elicit-plant.com\\\/app\\\/uploads\\\/sites\\\/8\\\/2024\\\/06\\\/Legal-Notice.jpg\",\"datePublished\":\"2024-06-27T14:50:33+00:00\",\"dateModified\":\"2025-10-07T09:40:12+00:00\",\"breadcrumb\":{\"@id\":\"https:\\\/\\\/www.elicit-plant.com\\\/hu\\\/adatvedelmi-iranyelvek\\\/#breadcrumb\"},\"inLanguage\":\"hu\",\"potentialAction\":[{\"@type\":\"ReadAction\",\"target\":[\"https:\\\/\\\/www.elicit-plant.com\\\/hu\\\/adatvedelmi-iranyelvek\\\/\"]}]},{\"@type\":\"ImageObject\",\"inLanguage\":\"hu\",\"@id\":\"https:\\\/\\\/www.elicit-plant.com\\\/hu\\\/adatvedelmi-iranyelvek\\\/#primaryimage\",\"url\":\"https:\\\/\\\/www.elicit-plant.com\\\/app\\\/uploads\\\/sites\\\/8\\\/2024\\\/06\\\/Legal-Notice.jpg\",\"contentUrl\":\"https:\\\/\\\/www.elicit-plant.com\\\/app\\\/uploads\\\/sites\\\/8\\\/2024\\\/06\\\/Legal-Notice.jpg\",\"width\":1707,\"height\":700},{\"@type\":\"BreadcrumbList\",\"@id\":\"https:\\\/\\\/www.elicit-plant.com\\\/hu\\\/adatvedelmi-iranyelvek\\\/#breadcrumb\",\"itemListElement\":[{\"@type\":\"ListItem\",\"position\":1,\"name\":\"Home\",\"item\":\"https:\\\/\\\/www.elicit-plant.com\\\/hu\\\/\"},{\"@type\":\"ListItem\",\"position\":2,\"name\":\"Privacy policy\"}]},{\"@type\":\"WebSite\",\"@id\":\"https:\\\/\\\/www.elicit-plant.com\\\/hu\\\/#website\",\"url\":\"https:\\\/\\\/www.elicit-plant.com\\\/hu\\\/\",\"name\":\"Elicit Plant Magyarorsz\u00e1g\",\"description\":\"A vil\u00e1g minden t\u00e1j\u00e1r\u00f3l dolgozunk egy\u00fctt gazd\u00e1lkod\u00f3kkal, hogy szemben\u00e9zz\u00fcnk a kl\u00edmav\u00e1ltoz\u00e1s \u00e1ltal t\u00e1masztott kih\u00edv\u00e1sokkal \u00e9s a v\u00edzhi\u00e1nynak a sz\u00e1nt\u00f3f\u00f6ldi n\u00f6v\u00e9nyekre gyakorolt hat\u00e1saival.\",\"publisher\":{\"@id\":\"https:\\\/\\\/www.elicit-plant.com\\\/hu\\\/#organization\"},\"potentialAction\":[{\"@type\":\"SearchAction\",\"target\":{\"@type\":\"EntryPoint\",\"urlTemplate\":\"https:\\\/\\\/www.elicit-plant.com\\\/hu\\\/?s={search_term_string}\"},\"query-input\":{\"@type\":\"PropertyValueSpecification\",\"valueRequired\":true,\"valueName\":\"search_term_string\"}}],\"inLanguage\":\"hu\"},{\"@type\":\"Organization\",\"@id\":\"https:\\\/\\\/www.elicit-plant.com\\\/hu\\\/#organization\",\"name\":\"Elicit Plant Magyarorsz\u00e1g\",\"url\":\"https:\\\/\\\/www.elicit-plant.com\\\/hu\\\/\",\"logo\":{\"@type\":\"ImageObject\",\"inLanguage\":\"hu\",\"@id\":\"https:\\\/\\\/www.elicit-plant.com\\\/hu\\\/#\\\/schema\\\/logo\\\/image\\\/\",\"url\":\"https:\\\/\\\/www.elicit-plant.com\\\/hu\\\/wp-content\\\/uploads\\\/sites\\\/8\\\/2024\\\/06\\\/Elicit-Plant-logo-full-color-rgb.png\",\"contentUrl\":\"https:\\\/\\\/www.elicit-plant.com\\\/hu\\\/wp-content\\\/uploads\\\/sites\\\/8\\\/2024\\\/06\\\/Elicit-Plant-logo-full-color-rgb.png\",\"width\":2304,\"height\":641,\"caption\":\"Elicit Plant Magyarorsz\u00e1g\"},\"image\":{\"@id\":\"https:\\\/\\\/www.elicit-plant.com\\\/hu\\\/#\\\/schema\\\/logo\\\/image\\\/\"},\"sameAs\":[\"https:\\\/\\\/www.facebook.com\\\/p\\\/Elicit-Plant-100064059283408\\\/?locale=fr_FR\",\"https:\\\/\\\/www.linkedin.com\\\/company\\\/elicit-plant\\\/\"]}]}<\/script>\n<!-- \/ Yoast SEO plugin. -->","yoast_head_json":{"title":"Privacy policy - Elicit Plant Magyarorsz\u00e1g","robots":{"index":"noindex","follow":"follow"},"og_locale":"hu_HU","og_type":"article","og_title":"Privacy policy - Elicit Plant Magyarorsz\u00e1g","og_description":"Online k\u00f6zz\u00e9tett v\u00e1ltozat: 2025.10.01. &nbsp; Az ELICIT PLANT k\u00fcl\u00f6n\u00f6s figyelmet ford\u00edt az \u00d6n Szem\u00e9lyes adatainak v\u00e9delm\u00e9re \u00e9s a mag\u00e1n\u00e9let tiszteletben tart\u00e1s\u00e1ra. Jelen Adatv\u00e9delmi t\u00e1j\u00e9koztat\u00f3 c\u00e9lja, hogy t\u00e1j\u00e9koztassa \u00d6nt a gyakorlatainkr\u00f3l azokr\u00f3l az inform\u00e1ci\u00f3kr\u00f3l, amelyeket \u00d6n k\u00f6zvetlen\u00fcl vagy k\u00f6zvetve megad nek\u00fcnk az ELICIT PLANT Webhelyhez val\u00f3 hozz\u00e1f\u00e9r\u00e9se \u00e9s annak haszn\u00e1lata sor\u00e1n \u2013 ezek gy\u0171jt\u00e9se, kezel\u00e9se, felhaszn\u00e1l\u00e1sa \u00e9s megoszt\u00e1sa tekintet\u00e9ben. K\u00e9rj\u00fck, figyelmesen olvassa el. &nbsp; 1. CIKK \u2013 FOGALOMMEGHAT\u00c1ROZ\u00c1SOK \u201eCNIL\u201d: a \u201eCommission Nationale de l\u2019Informatique et des Libert\u00e9s\u201d (Francia Adatv\u00e9delmi Hat\u00f3s\u00e1g), az e jelen Adatv\u00e9delmi t\u00e1j\u00e9koztat\u00f3 szerinti illet\u00e9kes fel\u00fcgyeleti hat\u00f3s\u00e1g. \u201eSzem\u00e9lyes adatok\u201d: b\u00e1rmely olyan adat \u00e9s\/vagy inform\u00e1ci\u00f3, amely egy term\u00e9szetes szem\u00e9lyt k\u00f6zvetlen\u00fcl vagy k\u00f6zvetve azonos\u00edtani k\u00e9pes. Az ELICIT PLANT Webhely keret\u00e9ben \u00e1ltalunk gy\u0171jt\u00f6tt szem\u00e9lyes...","og_url":"https:\/\/www.elicit-plant.com\/hu\/adatvedelmi-iranyelvek\/","og_site_name":"Elicit Plant Magyarorsz\u00e1g","article_publisher":"https:\/\/www.facebook.com\/p\/Elicit-Plant-100064059283408\/?locale=fr_FR","article_modified_time":"2025-10-07T09:40:12+00:00","og_image":[{"width":1707,"height":700,"url":"https:\/\/www.elicit-plant.com\/app\/uploads\/sites\/8\/2024\/06\/Legal-Notice.jpg","type":"image\/jpeg"}],"twitter_card":"summary_large_image","twitter_misc":{"Becs\u00fclt olvas\u00e1si id\u0151":"1 perc"},"schema":{"@context":"https:\/\/schema.org","@graph":[{"@type":"WebPage","@id":"https:\/\/www.elicit-plant.com\/hu\/adatvedelmi-iranyelvek\/","url":"https:\/\/www.elicit-plant.com\/hu\/adatvedelmi-iranyelvek\/","name":"Privacy policy - Elicit Plant Magyarorsz\u00e1g","isPartOf":{"@id":"https:\/\/www.elicit-plant.com\/hu\/#website"},"primaryImageOfPage":{"@id":"https:\/\/www.elicit-plant.com\/hu\/adatvedelmi-iranyelvek\/#primaryimage"},"image":{"@id":"https:\/\/www.elicit-plant.com\/hu\/adatvedelmi-iranyelvek\/#primaryimage"},"thumbnailUrl":"https:\/\/www.elicit-plant.com\/app\/uploads\/sites\/8\/2024\/06\/Legal-Notice.jpg","datePublished":"2024-06-27T14:50:33+00:00","dateModified":"2025-10-07T09:40:12+00:00","breadcrumb":{"@id":"https:\/\/www.elicit-plant.com\/hu\/adatvedelmi-iranyelvek\/#breadcrumb"},"inLanguage":"hu","potentialAction":[{"@type":"ReadAction","target":["https:\/\/www.elicit-plant.com\/hu\/adatvedelmi-iranyelvek\/"]}]},{"@type":"ImageObject","inLanguage":"hu","@id":"https:\/\/www.elicit-plant.com\/hu\/adatvedelmi-iranyelvek\/#primaryimage","url":"https:\/\/www.elicit-plant.com\/app\/uploads\/sites\/8\/2024\/06\/Legal-Notice.jpg","contentUrl":"https:\/\/www.elicit-plant.com\/app\/uploads\/sites\/8\/2024\/06\/Legal-Notice.jpg","width":1707,"height":700},{"@type":"BreadcrumbList","@id":"https:\/\/www.elicit-plant.com\/hu\/adatvedelmi-iranyelvek\/#breadcrumb","itemListElement":[{"@type":"ListItem","position":1,"name":"Home","item":"https:\/\/www.elicit-plant.com\/hu\/"},{"@type":"ListItem","position":2,"name":"Privacy policy"}]},{"@type":"WebSite","@id":"https:\/\/www.elicit-plant.com\/hu\/#website","url":"https:\/\/www.elicit-plant.com\/hu\/","name":"Elicit Plant Magyarorsz\u00e1g","description":"A vil\u00e1g minden t\u00e1j\u00e1r\u00f3l dolgozunk egy\u00fctt gazd\u00e1lkod\u00f3kkal, hogy szemben\u00e9zz\u00fcnk a kl\u00edmav\u00e1ltoz\u00e1s \u00e1ltal t\u00e1masztott kih\u00edv\u00e1sokkal \u00e9s a v\u00edzhi\u00e1nynak a sz\u00e1nt\u00f3f\u00f6ldi n\u00f6v\u00e9nyekre gyakorolt hat\u00e1saival.","publisher":{"@id":"https:\/\/www.elicit-plant.com\/hu\/#organization"},"potentialAction":[{"@type":"SearchAction","target":{"@type":"EntryPoint","urlTemplate":"https:\/\/www.elicit-plant.com\/hu\/?s={search_term_string}"},"query-input":{"@type":"PropertyValueSpecification","valueRequired":true,"valueName":"search_term_string"}}],"inLanguage":"hu"},{"@type":"Organization","@id":"https:\/\/www.elicit-plant.com\/hu\/#organization","name":"Elicit Plant Magyarorsz\u00e1g","url":"https:\/\/www.elicit-plant.com\/hu\/","logo":{"@type":"ImageObject","inLanguage":"hu","@id":"https:\/\/www.elicit-plant.com\/hu\/#\/schema\/logo\/image\/","url":"https:\/\/www.elicit-plant.com\/hu\/wp-content\/uploads\/sites\/8\/2024\/06\/Elicit-Plant-logo-full-color-rgb.png","contentUrl":"https:\/\/www.elicit-plant.com\/hu\/wp-content\/uploads\/sites\/8\/2024\/06\/Elicit-Plant-logo-full-color-rgb.png","width":2304,"height":641,"caption":"Elicit Plant Magyarorsz\u00e1g"},"image":{"@id":"https:\/\/www.elicit-plant.com\/hu\/#\/schema\/logo\/image\/"},"sameAs":["https:\/\/www.facebook.com\/p\/Elicit-Plant-100064059283408\/?locale=fr_FR","https:\/\/www.linkedin.com\/company\/elicit-plant\/"]}]}},"_links":{"self":[{"href":"https:\/\/www.elicit-plant.com\/hu\/wp-json\/wp\/v2\/pages\/333","targetHints":{"allow":["GET"]}}],"collection":[{"href":"https:\/\/www.elicit-plant.com\/hu\/wp-json\/wp\/v2\/pages"}],"about":[{"href":"https:\/\/www.elicit-plant.com\/hu\/wp-json\/wp\/v2\/types\/page"}],"author":[{"embeddable":true,"href":"https:\/\/www.elicit-plant.com\/hu\/wp-json\/wp\/v2\/users\/6"}],"replies":[{"embeddable":true,"href":"https:\/\/www.elicit-plant.com\/hu\/wp-json\/wp\/v2\/comments?post=333"}],"version-history":[{"count":5,"href":"https:\/\/www.elicit-plant.com\/hu\/wp-json\/wp\/v2\/pages\/333\/revisions"}],"predecessor-version":[{"id":703,"href":"https:\/\/www.elicit-plant.com\/hu\/wp-json\/wp\/v2\/pages\/333\/revisions\/703"}],"wp:featuredmedia":[{"embeddable":true,"href":"https:\/\/www.elicit-plant.com\/hu\/wp-json\/wp\/v2\/media\/330"}],"wp:attachment":[{"href":"https:\/\/www.elicit-plant.com\/hu\/wp-json\/wp\/v2\/media?parent=333"}],"curies":[{"name":"wp","href":"https:\/\/api.w.org\/{rel}","templated":true}]}}